{"id":79,"date":"2022-04-12T07:50:42","date_gmt":"2022-04-12T07:50:42","guid":{"rendered":"http:\/\/localhost\/prueba\/?page_id=79"},"modified":"2022-04-21T06:23:52","modified_gmt":"2022-04-21T06:23:52","slug":"79-2","status":"publish","type":"page","link":"https:\/\/jesusatado.com\/?page_id=79","title":{"rendered":"Paso de Jes\u00fas Atado a la Columna"},"content":{"rendered":"<h2>Paso de Jes\u00fas Atado a la Columna<\/h2>\n<div class=\"art-postcontent\">\n<p><!-- article-content --><\/p>\n<div class=\"art-article\">\n<p>Anteriormente al a\u00f1o 1936 y posteriormente hasta la fundaci\u00f3n de la Hermandad (a\u00f1o 1950) sal\u00eda en procesi\u00f3n un Cristo atado a la columna de tama\u00f1o peque\u00f1o, que daba sensaci\u00f3n de tremenda pobreza.<\/p>\n<p>En el a\u00f1o 1953, se adquiere la imagen de <strong>Jes\u00fas Atado a la Columna<\/strong>. En Abril de 1955, es bendecido todo el conjunto del \u00ab<strong>Paso<\/strong>\u00bb de Jes\u00fas atado, todo ello, obra de los imagineros valencianos Carlos Rom\u00e1n y Vicente Salvador. En su principio llevado por medio mec\u00e1nico; hasta que en el a\u00f1o 1987, un grupo de ilusionados cofrades llevaron a cabo una gran proeza \u00absacar en hombros a nuestro Santo\u00bb y todo su conjunto que lo forma. Tras varias reformas en su anda para aligerar su peso al m\u00e1ximo se llevo a cabo esta proeza, saliendo en hombros llevado por 48 costaleros en esa Semana Santa de 1987. Posteriormente coincidiendo con el <strong>50 Aniversario<\/strong> se realizo una restauraci\u00f3n de toda el anda, nueva distribuci\u00f3n de los puestos, con m\u00e1s comodidad para llevarla y m\u00e1s ligera de peso, quedando su peso actualmente en <strong>762<\/strong> <strong>kg<\/strong>., siendo llevada por hasta 55 costaleros de ambos sexos.<\/p>\n<p><img fetchpriority=\"high\" decoding=\"async\" class=\"size-full wp-image-189 alignnone\" src=\"https:\/\/jesusatado.com\/wp-content\/uploads\/2022\/04\/pasohombros.jpg\" alt=\"\" width=\"429\" height=\"500\" srcset=\"https:\/\/jesusatado.com\/wp-content\/uploads\/2022\/04\/pasohombros.jpg 429w, https:\/\/jesusatado.com\/wp-content\/uploads\/2022\/04\/pasohombros-257x300.jpg 257w\" sizes=\"(max-width: 429px) 100vw, 429px\" \/><\/p>\n<p><!--\n\n\n<p class=\"rtecenter\"><img decoding=\"async\" alt=\"Paso de Jes\u00fas Atado a la Columna\" src=\"\/sites\/default\/files\/paginas\/pasohombros.jpg\" style=\"height:500px; margin:10px; width:429px\"><\/p>\n\n\n --><\/p>\n<p>Este paso consta de <strong>4 figuras de un tama\u00f1o de 1,70 cm<\/strong>. talladas en madera y policromadas (<strong>Jes\u00fas Atado, dos sayones y un soldado romano<\/strong>). Decorada con textiles tallados en madera y decoraci\u00f3n vegetal en una l\u00ednea barroca. Terminando en sus v\u00e9rtices con unos pin\u00e1culos invertidos, sobre los que reposan los faroles. Toda esta pieza una vez tallada en madera esta preparada con aparejos para dorar y policromar.<\/p>\n<p>Sus <strong>dimensiones<\/strong> son: 3,50&#215;2,60&#215;1,10 m.<\/p>\n<p>Tras 61 a\u00f1os de existencia en el caso de Jes\u00fas Atado, los sayones y el centuri\u00f3n romano y 51 a\u00f1os de la Virgen de la Esperanza, todos est\u00e1n en periodo de restauraci\u00f3n a cargo del artesano de Alcorisa Jos\u00e9 Felez. (2011\/2012).<\/p>\n<p>En el a\u00f1o 2012, se cumplen igualmente 25 a\u00f1os de la salida en hombros del paso de Jes\u00fas Atado a la Columna (1987-2012).<\/p>\n<p>En sus distintos lados se encuentran tallados los escudos de la hermandad, Orden Franciscana y de Teruel.<\/p>\n<\/div>\n<\/div>\n","protected":false},"excerpt":{"rendered":"<p>Paso de Jes\u00fas Atado a la Columna Anteriormente al a\u00f1o 1936 y posteriormente hasta la fundaci\u00f3n de la Hermandad (a\u00f1o 1950) sal\u00eda en procesi\u00f3n un Cristo atado a la columna de tama\u00f1o peque\u00f1o, que daba sensaci\u00f3n de tremenda pobreza. En el a\u00f1o 1953, se adquiere la imagen de Jes\u00fas Atado a la Columna. En Abril [&hellip;]<\/p>\n","protected":false},"author":2,"featured_media":0,"parent":0,"menu_order":0,"comment_status":"closed","ping_status":"closed","template":"","meta":{"footnotes":""},"class_list":["post-79","page","type-page","status-publish","hentry"],"yoast_head":"<!-- This site is optimized with the Yoast SEO plugin v27.2 - https:\/\/yoast.com\/product\/yoast-seo-wordpress\/ -->\n<title>Paso de Jes\u00fas Atado a la Columna -<\/title>\n<meta name=\"robots\" content=\"index, follow, max-snippet:-1, max-image-preview:large, max-video-preview:-1\" \/>\n<link rel=\"canonical\" href=\"https:\/\/jesusatado.com\/?page_id=79\" \/>\n<meta property=\"og:locale\" content=\"es_ES\" \/>\n<meta property=\"og:type\" content=\"article\" \/>\n<meta property=\"og:title\" content=\"Paso de Jes\u00fas Atado a la Columna -\" \/>\n<meta property=\"og:description\" content=\"Paso de Jes\u00fas Atado a la Columna Anteriormente al a\u00f1o 1936 y posteriormente hasta la fundaci\u00f3n de la Hermandad (a\u00f1o 1950) sal\u00eda en procesi\u00f3n un Cristo atado a la columna de tama\u00f1o peque\u00f1o, que daba sensaci\u00f3n de tremenda pobreza. En el a\u00f1o 1953, se adquiere la imagen de Jes\u00fas Atado a la Columna. En Abril [&hellip;]\" \/>\n<meta property=\"og:url\" content=\"https:\/\/jesusatado.com\/?page_id=79\" \/>\n<meta property=\"article:modified_time\" content=\"2022-04-21T06:23:52+00:00\" \/>\n<meta property=\"og:image\" content=\"https:\/\/jesusatado.com\/wp-content\/uploads\/2022\/04\/pasohombros.jpg\" \/>\n<meta name=\"twitter:card\" content=\"summary_large_image\" \/>\n<meta name=\"twitter:label1\" content=\"Tiempo de lectura\" \/>\n\t<meta name=\"twitter:data1\" content=\"2 minutos\" \/>\n<script type=\"application\/ld+json\" class=\"yoast-schema-graph\">{\"@context\":\"https:\/\/schema.org\",\"@graph\":[{\"@type\":\"WebPage\",\"@id\":\"https:\/\/jesusatado.com\/?page_id=79\",\"url\":\"https:\/\/jesusatado.com\/?page_id=79\",\"name\":\"Paso de Jes\u00fas Atado a la Columna -\",\"isPartOf\":{\"@id\":\"https:\/\/jesusatado.com\/#website\"},\"primaryImageOfPage\":{\"@id\":\"https:\/\/jesusatado.com\/?page_id=79#primaryimage\"},\"image\":{\"@id\":\"https:\/\/jesusatado.com\/?page_id=79#primaryimage\"},\"thumbnailUrl\":\"https:\/\/jesusatado.com\/wp-content\/uploads\/2022\/04\/pasohombros.jpg\",\"datePublished\":\"2022-04-12T07:50:42+00:00\",\"dateModified\":\"2022-04-21T06:23:52+00:00\",\"breadcrumb\":{\"@id\":\"https:\/\/jesusatado.com\/?page_id=79#breadcrumb\"},\"inLanguage\":\"es\",\"potentialAction\":[{\"@type\":\"ReadAction\",\"target\":[\"https:\/\/jesusatado.com\/?page_id=79\"]}]},{\"@type\":\"ImageObject\",\"inLanguage\":\"es\",\"@id\":\"https:\/\/jesusatado.com\/?page_id=79#primaryimage\",\"url\":\"https:\/\/jesusatado.com\/wp-content\/uploads\/2022\/04\/pasohombros.jpg\",\"contentUrl\":\"https:\/\/jesusatado.com\/wp-content\/uploads\/2022\/04\/pasohombros.jpg\",\"width\":429,\"height\":500},{\"@type\":\"BreadcrumbList\",\"@id\":\"https:\/\/jesusatado.com\/?page_id=79#breadcrumb\",\"itemListElement\":[{\"@type\":\"ListItem\",\"position\":1,\"name\":\"Portada\",\"item\":\"https:\/\/jesusatado.com\/\"},{\"@type\":\"ListItem\",\"position\":2,\"name\":\"Paso de Jes\u00fas Atado a la Columna\"}]},{\"@type\":\"WebSite\",\"@id\":\"https:\/\/jesusatado.com\/#website\",\"url\":\"https:\/\/jesusatado.com\/\",\"name\":\"\",\"description\":\"Jes\u00fas Atado\",\"potentialAction\":[{\"@type\":\"SearchAction\",\"target\":{\"@type\":\"EntryPoint\",\"urlTemplate\":\"https:\/\/jesusatado.com\/?s={search_term_string}\"},\"query-input\":{\"@type\":\"PropertyValueSpecification\",\"valueRequired\":true,\"valueName\":\"search_term_string\"}}],\"inLanguage\":\"es\"}]}<\/script>\n<!-- \/ Yoast SEO plugin. -->","yoast_head_json":{"title":"Paso de Jes\u00fas Atado a la Columna -","robots":{"index":"index","follow":"follow","max-snippet":"max-snippet:-1","max-image-preview":"max-image-preview:large","max-video-preview":"max-video-preview:-1"},"canonical":"https:\/\/jesusatado.com\/?page_id=79","og_locale":"es_ES","og_type":"article","og_title":"Paso de Jes\u00fas Atado a la Columna -","og_description":"Paso de Jes\u00fas Atado a la Columna Anteriormente al a\u00f1o 1936 y posteriormente hasta la fundaci\u00f3n de la Hermandad (a\u00f1o 1950) sal\u00eda en procesi\u00f3n un Cristo atado a la columna de tama\u00f1o peque\u00f1o, que daba sensaci\u00f3n de tremenda pobreza. En el a\u00f1o 1953, se adquiere la imagen de Jes\u00fas Atado a la Columna. En Abril [&hellip;]","og_url":"https:\/\/jesusatado.com\/?page_id=79","article_modified_time":"2022-04-21T06:23:52+00:00","og_image":[{"url":"https:\/\/jesusatado.com\/wp-content\/uploads\/2022\/04\/pasohombros.jpg","type":"","width":"","height":""}],"twitter_card":"summary_large_image","twitter_misc":{"Tiempo de lectura":"2 minutos"},"schema":{"@context":"https:\/\/schema.org","@graph":[{"@type":"WebPage","@id":"https:\/\/jesusatado.com\/?page_id=79","url":"https:\/\/jesusatado.com\/?page_id=79","name":"Paso de Jes\u00fas Atado a la Columna -","isPartOf":{"@id":"https:\/\/jesusatado.com\/#website"},"primaryImageOfPage":{"@id":"https:\/\/jesusatado.com\/?page_id=79#primaryimage"},"image":{"@id":"https:\/\/jesusatado.com\/?page_id=79#primaryimage"},"thumbnailUrl":"https:\/\/jesusatado.com\/wp-content\/uploads\/2022\/04\/pasohombros.jpg","datePublished":"2022-04-12T07:50:42+00:00","dateModified":"2022-04-21T06:23:52+00:00","breadcrumb":{"@id":"https:\/\/jesusatado.com\/?page_id=79#breadcrumb"},"inLanguage":"es","potentialAction":[{"@type":"ReadAction","target":["https:\/\/jesusatado.com\/?page_id=79"]}]},{"@type":"ImageObject","inLanguage":"es","@id":"https:\/\/jesusatado.com\/?page_id=79#primaryimage","url":"https:\/\/jesusatado.com\/wp-content\/uploads\/2022\/04\/pasohombros.jpg","contentUrl":"https:\/\/jesusatado.com\/wp-content\/uploads\/2022\/04\/pasohombros.jpg","width":429,"height":500},{"@type":"BreadcrumbList","@id":"https:\/\/jesusatado.com\/?page_id=79#breadcrumb","itemListElement":[{"@type":"ListItem","position":1,"name":"Portada","item":"https:\/\/jesusatado.com\/"},{"@type":"ListItem","position":2,"name":"Paso de Jes\u00fas Atado a la Columna"}]},{"@type":"WebSite","@id":"https:\/\/jesusatado.com\/#website","url":"https:\/\/jesusatado.com\/","name":"","description":"Jes\u00fas Atado","potentialAction":[{"@type":"SearchAction","target":{"@type":"EntryPoint","urlTemplate":"https:\/\/jesusatado.com\/?s={search_term_string}"},"query-input":{"@type":"PropertyValueSpecification","valueRequired":true,"valueName":"search_term_string"}}],"inLanguage":"es"}]}},"_links":{"self":[{"href":"https:\/\/jesusatado.com\/index.php?rest_route=\/wp\/v2\/pages\/79","targetHints":{"allow":["GET"]}}],"collection":[{"href":"https:\/\/jesusatado.com\/index.php?rest_route=\/wp\/v2\/pages"}],"about":[{"href":"https:\/\/jesusatado.com\/index.php?rest_route=\/wp\/v2\/types\/page"}],"author":[{"embeddable":true,"href":"https:\/\/jesusatado.com\/index.php?rest_route=\/wp\/v2\/users\/2"}],"replies":[{"embeddable":true,"href":"https:\/\/jesusatado.com\/index.php?rest_route=%2Fwp%2Fv2%2Fcomments&post=79"}],"version-history":[{"count":2,"href":"https:\/\/jesusatado.com\/index.php?rest_route=\/wp\/v2\/pages\/79\/revisions"}],"predecessor-version":[{"id":344,"href":"https:\/\/jesusatado.com\/index.php?rest_route=\/wp\/v2\/pages\/79\/revisions\/344"}],"wp:attachment":[{"href":"https:\/\/jesusatado.com\/index.php?rest_route=%2Fwp%2Fv2%2Fmedia&parent=79"}],"curies":[{"name":"wp","href":"https:\/\/api.w.org\/{rel}","templated":true}]}}